{"version":"1.0","provider_name":"Pellikaan","provider_url":"https:\/\/pellikaan.com\/de\/","author_name":"Monique de Koeijer","author_url":"https:\/\/pellikaan.com\/de\/author\/monique\/","title":"M\u00f6llner Bad fr\u00fcher ge\u00f6ffnet - Pellikaan","type":"rich","width":600,"height":338,"html":"<blockquote class=\"wp-embedded-content\" data-secret=\"s9ZJ8NLASx\"><a href=\"https:\/\/pellikaan.com\/de\/mollner-bad-fruher-geoffnet\/\">M\u00f6llner Bad fr\u00fcher ge\u00f6ffnet<\/a><\/blockquote><iframe sandbox=\"allow-scripts\" security=\"restricted\" src=\"https:\/\/pellikaan.com\/de\/mollner-bad-fruher-geoffnet\/embed\/#?secret=s9ZJ8NLASx\" width=\"600\" height=\"338\" title=\"&#8222;M\u00f6llner Bad fr\u00fcher ge\u00f6ffnet&#8220; &#8211; Pellikaan\" data-secret=\"s9ZJ8NLASx\" frameborder=\"0\" marginwidth=\"0\" marginheight=\"0\" scrolling=\"no\" class=\"wp-embedded-content\"><\/iframe><script type=\"text\/javascript\">\n\/* <![CDATA[ *\/\n\/*! This file is auto-generated *\/\n!function(d,l){\"use strict\";l.querySelector&&d.addEventListener&&\"undefined\"!=typeof URL&&(d.wp=d.wp||{},d.wp.receiveEmbedMessage||(d.wp.receiveEmbedMessage=function(e){var t=e.data;if((t||t.secret||t.message||t.value)&&!\/[^a-zA-Z0-9]\/.test(t.secret)){for(var s,r,n,a=l.querySelectorAll('iframe[data-secret=\"'+t.secret+'\"]'),o=l.querySelectorAll('blockquote[data-secret=\"'+t.secret+'\"]'),c=new RegExp(\"^https?:$\",\"i\"),i=0;i<o.length;i++)o[i].style.display=\"none\";for(i=0;i<a.length;i++)s=a[i],e.source===s.contentWindow&&(s.removeAttribute(\"style\"),\"height\"===t.message?(1e3<(r=parseInt(t.value,10))?r=1e3:~~r<200&&(r=200),s.height=r):\"link\"===t.message&&(r=new URL(s.getAttribute(\"src\")),n=new URL(t.value),c.test(n.protocol))&&n.host===r.host&&l.activeElement===s&&(d.top.location.href=t.value))}},d.addEventListener(\"message\",d.wp.receiveEmbedMessage,!1),l.addEventListener(\"DOMContentLoaded\",function(){for(var e,t,s=l.querySelectorAll(\"iframe.wp-embedded-content\"),r=0;r<s.length;r++)(t=(e=s[r]).getAttribute(\"data-secret\"))||(t=Math.random().toString(36).substring(2,12),e.src+=\"#?secret=\"+t,e.setAttribute(\"data-secret\",t)),e.contentWindow.postMessage({message:\"ready\",secret:t},\"*\")},!1)))}(window,document);\n\/* ]]> *\/\n<\/script>\n","thumbnail_url":"https:\/\/pellikaan.com\/wp-content\/uploads\/2018\/08\/MollnIMG_0790.jpg","thumbnail_width":1280,"thumbnail_height":956,"description":"Das neue Familienbad in M\u00f6lln wurde von Pellikaan so schnell gebaut, dass die Einwohner von M\u00f6lln das Bad drei Monate fr\u00fcher als erwartet genie\u00dfen k\u00f6nnen. Noch vor den Sommerferien wird die 'M\u00f6llner Welle' er\u00f6ffnet. Am Freitag gab es schon einen Sektempfang f\u00fcr geladene G\u00e4ste, unter ihnen B\u00fcrgermeister Wiegels und Landrat Mager. Gesch\u00e4ftsf\u00fchrer der Vereinigten Stadwerke Heinz Grothkopp f\u00fchrte Interessenten durch das Geb\u00e4ude."}